{"id":12749,"date":"2025-02-20T14:28:23","date_gmt":"2025-02-20T19:28:23","guid":{"rendered":"https:\/\/www.edsaplan.com\/then-and-now\/kirsten-linn\/"},"modified":"2025-02-20T14:38:43","modified_gmt":"2025-02-20T19:38:43","slug":"kirsten-linn","status":"publish","type":"then-and-now","link":"https:\/\/www.edsaplan.com\/es\/then-and-now\/kirsten-linn\/","title":{"rendered":"Kirsten Linn"},"content":{"rendered":"\n\n<div class=\"article-block-21-0\" data-type=\"organism\" data-temp=\"article-block-21-0.twig\" translate intersection>\n\n   <div class=\"internal m-object-position-\">\n               \n<div data-type=\"molecule\" data-temp=\"banner-content.twig\" class=\"molecule-banner-content dark-mode c-white\">\n\n\t<div class=\"site-width\">\n\t\t<div class=\"sub-bar\">\n\t\t\t\t\t<\/div>\n\t\t<h1 class=\"fs-85 title\"><\/h1>\n\t\t<p class=\"fs-30 description\"><\/p>\n\n\t\t\n\t<\/div>\n<\/div>\n\n\t\t\t\t\n\t<img height=\"\" width=\"100%\" data-type=\"atom\" class=\"lazy atom-image-fill-hard div-fill-hard\" srcset=\"https:\/\/www.edsaplan.com\/wp-content\/uploads\/2025\/02\/Header-Image-Template_1920x815-1-300x127.jpg 379w, https:\/\/www.edsaplan.com\/wp-content\/uploads\/2025\/02\/Header-Image-Template_1920x815-1-300x127.jpg 420w, https:\/\/www.edsaplan.com\/wp-content\/uploads\/2025\/02\/Header-Image-Template_1920x815-1-1024x435.jpg 768w, https:\/\/www.edsaplan.com\/wp-content\/uploads\/2025\/02\/Header-Image-Template_1920x815-1-1200x509.webp 1020w, https:\/\/www.edsaplan.com\/wp-content\/uploads\/2025\/02\/Header-Image-Template_1920x815-1.jpg 1600w, https:\/\/www.edsaplan.com\/wp-content\/uploads\/2025\/02\/Header-Image-Template_1920x815-1.jpg 1900w\" sizes=\"auto, 100vmin\" alt=\"\" loading=\"lazy\">\n      \n         <\/div>      \n<\/div>\n\n\n<div class=\"section-project-title site-width flex m-flex-wrap gap-36 justify-between\" translate >\n\t<h2><i>Antes y Ahora<\/i><\/h2>\n\t<ul>\n\t\t<li class=\"inherit-link a item ani-fade ani-line\" animation>\n\t\t\t<div class=\"left\">\n\t\t\t\t<span class=\"col\">\n\t\t\t\t\t<h1 class=\"fs-45 title\">Kirsten Linn<\/h1>\n\t\t\t\t<\/span>\n\t\t\t<\/div>\n\t\t\t<div class=\"right\">\n\t\t\t\t<span class=\"col text-right\">\n\t\t\t\t\t\t\n\t\t\t\t<\/span>\n\t\t\t<\/div>\n\t\t<\/li>\n\t<\/ul>\n<\/div>\n<div class=\"wp-block-columns is-layout-flex wp-container-core-columns-is-layout-8f761849 wp-block-columns-is-layout-flex\">\n<div class=\"wp-block-column is-layout-flow wp-block-column-is-layout-flow\"><div class=\"article-block-21-6 mediatype-\" data-temp=\"article-block-21-6.twig\" translate intersection>\n    <div class=\"inner\">\n            <div data-type=\"molecule\" data-temp=\"5-text-content.twig\" class=\"molecule-banner-content\">\n\t\t<div>\n\t\t<div class=\"text-field ani-fade-up-text ani-delay-short\" animation><p>Pasantes anteriores, ahora empleados, comparten sus perspectivas, consejos e ideas sobre todo lo relacionado con la arquitectura paisaj\u00edstica y sus experiencias con EDSA.<\/p>\n<p>Kirsten comenz\u00f3 su trayectoria en EDSA como pasante de verano en 2019 en la oficina de Baltimore, donde adquiri\u00f3 una valiosa experiencia pr\u00e1ctica y trabaj\u00f3 en estrecha colaboraci\u00f3n con los l\u00edderes de equipo para perfeccionar su enfoque de dise\u00f1o. Despu\u00e9s de obtener su licenciatura en arquitectura de la Universidad Estatal de Pensilvania ese mismo a\u00f1o, pas\u00f3 a un puesto de tiempo completo en EDSA y ha avanzado de manera constante hasta su puesto actual como asociada mientras se abr\u00eda camino hacia la sede de EDSA en Nueva York. Conocida por su gran atenci\u00f3n a los detalles y su naturaleza colaborativa, Kirsten desempe\u00f1a un papel esencial en la elaboraci\u00f3n de proyectos din\u00e1micos y creativos con precisi\u00f3n. Recientemente nos sentamos con ella para explorar su trayectoria, sus fuentes de inspiraci\u00f3n y el impacto que est\u00e1 generando en EDSA.<\/p>\n<\/div>\n\t\t<div class=\"ani-fade-up ani-delay-short\" animation>\n<\/div>\n\t<\/div>\n<\/div>\n    <\/div>\n<\/div>\n\n\n<div class=\"article-block-21-6 mediatype-\" data-temp=\"article-block-21-6.twig\" translate intersection>\n    <div class=\"inner\">\n            <div data-type=\"molecule\" data-temp=\"5-text-content.twig\" class=\"molecule-banner-content\">\n\t\t\t<div class=\"fs-18 ani-fade-up ani-delay-short c-red ani-short-line\" animation>P: \u00bfQu\u00e9 es lo m\u00e1s gratificante de ser arquitecto paisajista?<\/div>\n\t\t<div>\n\t\t<div class=\"text-field ani-fade-up-text ani-delay-short\" animation><p>Uno de los aspectos m\u00e1s gratificantes de ser arquitecto paisajista es la capacidad de crear espacios donde las personas tengan experiencias inolvidables. Estos lugares se convierten en el escenario de momentos importantes, ya sea un compromiso, una reuni\u00f3n largamente esperada o una nueva conexi\u00f3n.<\/p>\n<p>Lo que hace que esta profesi\u00f3n sea a\u00fan m\u00e1s emocionante es la oportunidad de trabajar en proyectos en todo el mundo, a menudo en lugares que muchas personas solo pueden so\u00f1ar con visitar. Es realmente inspirador dise\u00f1ar estos entornos incre\u00edbles y dar forma a la forma en que las personas los experimentan.<\/p>\n<\/div>\n\t\t<div class=\"ani-fade-up ani-delay-short\" animation>\n<\/div>\n\t<\/div>\n<\/div>\n    <\/div>\n<\/div>\n\n\n<div class=\"article-block-21-6 mediatype-\" data-temp=\"article-block-21-6.twig\" translate intersection>\n    <div class=\"inner\">\n            <div data-type=\"molecule\" data-temp=\"5-text-content.twig\" class=\"molecule-banner-content\">\n\t\t\t<div class=\"fs-18 ani-fade-up ani-delay-short c-red ani-short-line\" animation>P: \u00bfCu\u00e1l es su filosof\u00eda de dise\u00f1o?<\/div>\n\t\t<div>\n\t\t<div class=\"text-field ani-fade-up-text ani-delay-short\" animation><p>Mi filosof\u00eda de dise\u00f1o est\u00e1 profundamente arraigada en la sostenibilidad, con un fuerte \u00e9nfasis en integrar la mayor cantidad de vegetaci\u00f3n posible, porque cuantos m\u00e1s \u00e1rboles, mejor. Creo que la naturaleza debe estar en el centro de cada dise\u00f1o, fusionando a la perfecci\u00f3n el entorno construido con el mundo natural. Los \u00e1rboles y otros elementos naturales no solo mejoran la est\u00e9tica de un espacio, sino que tambi\u00e9n brindan numerosos beneficios ambientales, como mejorar la calidad del aire, reducir el calor urbano y apoyar la biodiversidad.<\/p>\n<p>Adem\u00e1s, los espacios verdes contribuyen a comunidades m\u00e1s saludables y vibrantes al promover la relajaci\u00f3n, reducir el estr\u00e9s y fomentar las conexiones sociales. Al priorizar la sostenibilidad e incorporar paisajes exuberantes y pr\u00f3speros, me esfuerzo por crear espacios que no solo sean visualmente atractivos, sino tambi\u00e9n beneficiosos para las personas y el planeta.<\/p>\n<\/div>\n\t\t<div class=\"ani-fade-up ani-delay-short\" animation>\n<\/div>\n\t<\/div>\n<\/div>\n    <\/div>\n<\/div>\n\n\n<div class=\"article-block-21-6 mediatype-\" data-temp=\"article-block-21-6.twig\" translate intersection>\n    <div class=\"inner\">\n            <div data-type=\"molecule\" data-temp=\"5-text-content.twig\" class=\"molecule-banner-content\">\n\t\t\t<div class=\"fs-18 ani-fade-up ani-delay-short c-red ani-short-line\" animation>P: \u00bfCu\u00e1l ha sido su proyecto EDSA favorito?<\/div>\n\t\t<div>\n\t\t<div class=\"text-field ani-fade-up-text ani-delay-short\" animation><p>Mi proyecto favorito de EDSA es Cacique, una pen\u00ednsula impresionante en Costa Rica. Tuve la oportunidad de visitar el lugar dos veces, una experiencia que nunca olvidar\u00e9. Uno de los aspectos m\u00e1s destacados fue colaborar estrechamente con el cliente, cuya energ\u00eda, pasi\u00f3n y visi\u00f3n audaz hicieron que el proceso de dise\u00f1o fuera divertido y emocionante. Trabajar con \u00e9l personalmente me permiti\u00f3 comprender profundamente sus aspiraciones y c\u00f3mo traducirlas en el paisaje. La combinaci\u00f3n de una ubicaci\u00f3n y un proceso creativo atractivo hicieron que este proyecto fuera especialmente significativo para m\u00ed.<\/p>\n<\/div>\n\t\t<div class=\"ani-fade-up ani-delay-short\" animation>\n<\/div>\n\t<\/div>\n<\/div>\n    <\/div>\n<\/div>\n\n\n<div class=\"article-block-21-6 mediatype-\" data-temp=\"article-block-21-6.twig\" translate intersection>\n    <div class=\"inner\">\n            <div data-type=\"molecule\" data-temp=\"5-text-content.twig\" class=\"molecule-banner-content\">\n\t\t\t<div class=\"fs-18 ani-fade-up ani-delay-short c-red ani-short-line\" animation>P: \u00bfQu\u00e9 es lo que m\u00e1s le apasiona de la arquitectura paisajista? \u00bfHan cambiado sus pasiones desde que se convirti\u00f3 en dise\u00f1ador a tiempo completo?<\/div>\n\t\t<div>\n\t\t<div class=\"text-field ani-fade-up-text ani-delay-short\" animation><p>Lo que m\u00e1s me apasiona es la sostenibilidad y ayudar a los clientes a encontrar formas de integrarla en sus proyectos. Con el tiempo, he llegado a comprender que, si bien la sostenibilidad no siempre es una prioridad, existen formas creativas y rentables de hacerla funcionar. Siempre es emocionante colaborar con clientes que comparten esa visi\u00f3n y encontrar soluciones que equilibren la sostenibilidad con la practicidad.<\/p>\n<p>M\u00e1s all\u00e1 de eso, tengo una profunda pasi\u00f3n por los materiales y c\u00f3mo dan forma a la experiencia de dise\u00f1o. Hay algo emocionante en abrir una caja de muestras: sentir las texturas, ver los colores en persona, imaginar c\u00f3mo cobrar\u00e1n vida en un espacio. Es en esos momentos cuando todo el trabajo duro comienza a sentirse real. Lo que antes era solo un plan o un boceto en blanco y negro se transforma en algo tangible, algo que realmente cobra vida.<\/p>\n<\/div>\n\t\t<div class=\"ani-fade-up ani-delay-short\" animation>\n<\/div>\n\t<\/div>\n<\/div>\n    <\/div>\n<\/div>\n\n\n<div class=\"article-block-21-6 mediatype-\" data-temp=\"article-block-21-6.twig\" translate intersection>\n    <div class=\"inner\">\n            <div data-type=\"molecule\" data-temp=\"5-text-content.twig\" class=\"molecule-banner-content\">\n\t\t\t<div class=\"fs-18 ani-fade-up ani-delay-short c-red ani-short-line\" animation>P: Cuando piensa en su tiempo en EDSA hasta ahora, \u00bfqu\u00e9 palabra le viene a la mente y por qu\u00e9?<\/div>\n\t\t<div>\n\t\t<div class=\"text-field ani-fade-up-text ani-delay-short\" animation><p>Impredecible. Cada d\u00eda en este trabajo trae algo nuevo; nunca se sabe qu\u00e9 esperar. En un momento, crees que tendr\u00e1s un d\u00eda relajado y, al siguiente, est\u00e1s en una llamada con un cliente que solicita cambios de \u00faltimo momento que deben resolverse en una hora. Siempre est\u00e1 lleno de sorpresas, pero eso es lo que lo hace interesante y me mantiene alerta.<\/p>\n<\/div>\n\t\t<div class=\"ani-fade-up ani-delay-short\" animation>\n<\/div>\n\t<\/div>\n<\/div>\n    <\/div>\n<\/div>\n\n\n<div class=\"article-block-21-6 mediatype-\" data-temp=\"article-block-21-6.twig\" translate intersection>\n    <div class=\"inner\">\n            <div data-type=\"molecule\" data-temp=\"5-text-content.twig\" class=\"molecule-banner-content\">\n\t\t\t<div class=\"fs-18 ani-fade-up ani-delay-short c-red ani-short-line\" animation>Reflexiones finales de Kirsten:<\/div>\n\t\t<div>\n\t\t<div class=\"text-field ani-fade-up-text ani-delay-short\" animation><p>Una de las principales razones por las que me encanta trabajar en EDSA es la gente. No se trata solo de los proyectos, sino de las relaciones que se construyen a lo largo del camino. Realmente disfruto conocer a mis colegas y, con el tiempo, se han convertido en algo m\u00e1s que compa\u00f1eros de trabajo; se han convertido en amigos. Como pasamos gran parte de nuestro tiempo en el trabajo, marca una gran diferencia estar rodeado de un equipo tan bueno. Es algo que realmente aprecio.<\/p>\n<\/div>\n\t\t<div class=\"ani-fade-up ani-delay-short\" animation>\n<\/div>\n\t<\/div>\n<\/div>\n    <\/div>\n<\/div>\n<\/div>\n\n\n\n<div class=\"wp-block-column is-layout-flow wp-block-column-is-layout-flow\"><div class=\"article-block-21-8 mediatype-\" data-temp=\"article-block-21-8.twig\" translate intersection>\n    <div class=\"inner\">\n                                    <div class=\"gallery-image-container\">\n                    \n\n\n\n\n\n\n\t\t\t<picture width=\"100%\">\n\t\t\t<source\n\t\t\tsrcset=\"\n\t\t\t\t\t\t\t\t\t\t\t\t\t\t\t\t\t\t\t\t\t\t\t\t\t\t\t\t\t\t\t\thttps:\/\/www.edsaplan.com\/wp-content\/uploads\/2025\/02\/2-1-300x178.jpg 379w,\n\t\t\t\t\t\t\t\t\t\t\t\t\t\t\t\t\t\t\t\t\t\t\t\t\t\t\t\t\t\t\t\thttps:\/\/www.edsaplan.com\/wp-content\/uploads\/2025\/02\/2-1-300x178.jpg 420w,\n\t\t\t\t\t\t\t\t\t\t\t\t\t\t\t\t\t\t\t\t\t\t\t\t\t\t\t\t\t\t\t\thttps:\/\/www.edsaplan.com\/wp-content\/uploads\/2025\/02\/2-1.jpg 768w,\n\t\t\t\t\t\t\t\t\t\t\t\t\t\t\t\t\t\t\t\t\t\t\t\t\t\t\t\t\t\t\t\thttps:\/\/www.edsaplan.com\/wp-content\/uploads\/2025\/02\/2-1.jpg 1020w,\n\t\t\t\t\t\t\t\t\t\t\t\t\t\t\t\t\t\t\t\t\t\t\t\t\t\t\t\t\t\t\t\thttps:\/\/www.edsaplan.com\/wp-content\/uploads\/2025\/02\/2-1.jpg 1600w,\n\t\t\t\t\t\t\t\t\t\t\t\t\t\t\t\t\t\t\t\t\t\t\t\t\t\t\t\t\t\t\t\thttps:\/\/www.edsaplan.com\/wp-content\/uploads\/2025\/02\/2-1.jpg 1900w,\" sizes=\"100vw\" alt=\"\u00a9EDSA | Then and Now | Kirsten Linn \" type=\"image\/jpg\">\n\t\t\t\t\t\t<img decoding=\"async\" class=\"atom-image\" width=\"100%\" src=\"https:\/\/www.edsaplan.com\/wp-content\/uploads\/2025\/02\/2-1.jpg\" alt=\"\u00a9EDSA | Then and Now | Kirsten Linn \" loading=\"lazy\">\n\t\t<\/picture>\n\t                                            <span class=\"caption\">, a breathtaking peninsula in Costa Rica<\/span>\n                                    <\/div>\n                            <div class=\"gallery-image-container\">\n                    \n\n\n\n\n\n\n\t\t\t<picture width=\"100%\">\n\t\t\t<source\n\t\t\tsrcset=\"\n\t\t\t\t\t\t\t\t\t\t\t\t\t\t\t\t\t\t\t\t\t\t\t\t\t\t\t\t\t\t\t\thttps:\/\/www.edsaplan.com\/wp-content\/uploads\/2025\/02\/1-1-300x178.jpg 379w,\n\t\t\t\t\t\t\t\t\t\t\t\t\t\t\t\t\t\t\t\t\t\t\t\t\t\t\t\t\t\t\t\thttps:\/\/www.edsaplan.com\/wp-content\/uploads\/2025\/02\/1-1-300x178.jpg 420w,\n\t\t\t\t\t\t\t\t\t\t\t\t\t\t\t\t\t\t\t\t\t\t\t\t\t\t\t\t\t\t\t\thttps:\/\/www.edsaplan.com\/wp-content\/uploads\/2025\/02\/1-1.jpg 768w,\n\t\t\t\t\t\t\t\t\t\t\t\t\t\t\t\t\t\t\t\t\t\t\t\t\t\t\t\t\t\t\t\thttps:\/\/www.edsaplan.com\/wp-content\/uploads\/2025\/02\/1-1.jpg 1020w,\n\t\t\t\t\t\t\t\t\t\t\t\t\t\t\t\t\t\t\t\t\t\t\t\t\t\t\t\t\t\t\t\thttps:\/\/www.edsaplan.com\/wp-content\/uploads\/2025\/02\/1-1.jpg 1600w,\n\t\t\t\t\t\t\t\t\t\t\t\t\t\t\t\t\t\t\t\t\t\t\t\t\t\t\t\t\t\t\t\thttps:\/\/www.edsaplan.com\/wp-content\/uploads\/2025\/02\/1-1.jpg 1900w,\" sizes=\"100vw\" alt=\"\u00a9EDSA | Then and Now | Kirsten Linn &#038; Ney York Team \" type=\"image\/jpg\">\n\t\t\t\t\t\t<img decoding=\"async\" class=\"atom-image\" width=\"100%\" src=\"https:\/\/www.edsaplan.com\/wp-content\/uploads\/2025\/02\/1-1.jpg\" alt=\"\u00a9EDSA | Then and Now | Kirsten Linn &#038; Ney York Team \" loading=\"lazy\">\n\t\t<\/picture>\n\t                                            <span class=\"caption\">Kirsten with fellow members of the EDSA team in New York.<\/span>\n                                    <\/div>\n                            <div class=\"gallery-image-container\">\n                    \n\n\n\n\n\n\n\t\t\t<picture width=\"100%\">\n\t\t\t<source\n\t\t\tsrcset=\"\n\t\t\t\t\t\t\t\t\t\t\t\t\t\t\t\t\t\t\t\t\t\t\t\t\t\t\t\t\t\t\t\thttps:\/\/www.edsaplan.com\/wp-content\/uploads\/2025\/02\/3-1-300x178.jpg 379w,\n\t\t\t\t\t\t\t\t\t\t\t\t\t\t\t\t\t\t\t\t\t\t\t\t\t\t\t\t\t\t\t\thttps:\/\/www.edsaplan.com\/wp-content\/uploads\/2025\/02\/3-1-300x178.jpg 420w,\n\t\t\t\t\t\t\t\t\t\t\t\t\t\t\t\t\t\t\t\t\t\t\t\t\t\t\t\t\t\t\t\thttps:\/\/www.edsaplan.com\/wp-content\/uploads\/2025\/02\/3-1.jpg 768w,\n\t\t\t\t\t\t\t\t\t\t\t\t\t\t\t\t\t\t\t\t\t\t\t\t\t\t\t\t\t\t\t\thttps:\/\/www.edsaplan.com\/wp-content\/uploads\/2025\/02\/3-1.jpg 1020w,\n\t\t\t\t\t\t\t\t\t\t\t\t\t\t\t\t\t\t\t\t\t\t\t\t\t\t\t\t\t\t\t\thttps:\/\/www.edsaplan.com\/wp-content\/uploads\/2025\/02\/3-1.jpg 1600w,\n\t\t\t\t\t\t\t\t\t\t\t\t\t\t\t\t\t\t\t\t\t\t\t\t\t\t\t\t\t\t\t\thttps:\/\/www.edsaplan.com\/wp-content\/uploads\/2025\/02\/3-1.jpg 1900w,\" sizes=\"100vw\" alt=\"\u00a9EDSA | Then and Now | Kirsten Linn &#038; Scott LaMont\" type=\"image\/jpg\">\n\t\t\t\t\t\t<img decoding=\"async\" class=\"atom-image\" width=\"100%\" src=\"https:\/\/www.edsaplan.com\/wp-content\/uploads\/2025\/02\/3-1.jpg\" alt=\"\u00a9EDSA | Then and Now | Kirsten Linn &#038; Scott LaMont\" loading=\"lazy\">\n\t\t<\/picture>\n\t                                            <span class=\"caption\">Kirsten with CEO Scott LaMont on a site visit. <\/span>\n                                    <\/div>\n                        <\/div>\n<\/div>\n<\/div>\n<\/div>\n","protected":false},"excerpt":{"rendered":"","protected":false},"author":9,"featured_media":12746,"template":"","class_list":["post-12749","then-and-now","type-then-and-now","status-publish","has-post-thumbnail","hentry"],"acf":{"text":"Asociada "},"_links":{"self":[{"href":"https:\/\/www.edsaplan.com\/es\/wp-json\/wp\/v2\/then-and-now\/12749","targetHints":{"allow":["GET"]}}],"collection":[{"href":"https:\/\/www.edsaplan.com\/es\/wp-json\/wp\/v2\/then-and-now"}],"about":[{"href":"https:\/\/www.edsaplan.com\/es\/wp-json\/wp\/v2\/types\/then-and-now"}],"author":[{"embeddable":true,"href":"https:\/\/www.edsaplan.com\/es\/wp-json\/wp\/v2\/users\/9"}],"version-history":[{"count":0,"href":"https:\/\/www.edsaplan.com\/es\/wp-json\/wp\/v2\/then-and-now\/12749\/revisions"}],"wp:featuredmedia":[{"embeddable":true,"href":"https:\/\/www.edsaplan.com\/es\/wp-json\/wp\/v2\/media\/12746"}],"wp:attachment":[{"href":"https:\/\/www.edsaplan.com\/es\/wp-json\/wp\/v2\/media?parent=12749"}],"curies":[{"name":"wp","href":"https:\/\/api.w.org\/{rel}","templated":true}]}}